{"id":88582,"date":"2021-04-19T15:33:05","date_gmt":"2021-04-19T13:33:05","guid":{"rendered":"http:\/\/chateau.agencecentaure.fr\/arquitectura\/"},"modified":"2021-04-19T15:33:07","modified_gmt":"2021-04-19T13:33:07","slug":"arquitectura","status":"publish","type":"page","link":"https:\/\/www.chateau-la-rochefoucauld.com\/es\/arquitectura\/","title":{"rendered":"Arquitectura"},"content":{"rendered":"<div class=\"wpb-content-wrapper\"><p>[vc_row unlock_row_content=&#8221;yes&#8221; row_height_percent=&#8221;100&#8243; override_padding=&#8221;yes&#8221; h_padding=&#8221;0&#8243; top_padding=&#8221;0&#8243; bottom_padding=&#8221;0&#8243; back_color=&#8221;color-jevc&#8221; overlay_alpha=&#8221;50&#8243; equal_height=&#8221;yes&#8221; gutter_size=&#8221;0&#8243; column_width_percent=&#8221;100&#8243; shift_y=&#8221;0&#8243; z_index=&#8221;0&#8243;][vc_column column_width_percent=&#8221;100&#8243; align_horizontal=&#8221;align_center&#8221; gutter_size=&#8221;3&#8243; expand_height=&#8221;yes&#8221; back_color=&#8221;color-jevc&#8221; overlay_alpha=&#8221;50&#8243; shift_x=&#8221;0&#8243; shift_y=&#8221;0&#8243; shift_y_down=&#8221;0&#8243; z_index=&#8221;0&#8243; medium_width=&#8221;0&#8243; mobile_width=&#8221;0&#8243; sticky=&#8221;yes&#8221; width=&#8221;1\/2&#8243; mobile_height=&#8221;340&#8243; css=&#8221;.vc_custom_1618258425021{padding-top: 0px !important;padding-right: 0px !important;padding-bottom: 0px !important;padding-left: 0px !important;}&#8221;][vc_single_image media=&#8221;88103&#8243; media_width_percent=&#8221;100&#8243;][\/vc_column][vc_column column_width_use_pixel=&#8221;yes&#8221; gutter_size=&#8221;3&#8243; override_padding=&#8221;yes&#8221; column_padding=&#8221;5&#8243; back_color=&#8221;color-188982&#8243; overlay_alpha=&#8221;50&#8243; shift_x=&#8221;0&#8243; shift_y=&#8221;0&#8243; shift_y_down=&#8221;0&#8243; z_index=&#8221;0&#8243; medium_width=&#8221;0&#8243; mobile_width=&#8221;0&#8243; width=&#8221;1\/2&#8243; column_width_pixel=&#8221;528&#8243;][vc_custom_heading heading_semantic=&#8221;h6&#8243; text_size=&#8221;fontsize-160000&#8243; text_transform=&#8221;uppercase&#8221; text_space=&#8221;fontspace-135905&#8243; text_color=&#8221;accent&#8221;]<\/p>\n<h1>La Arquitectura<\/h1>\n<p>[\/vc_custom_heading][vc_column_text text_lead=&#8221;yes&#8221;]<\/p>\n<h2><span class=\"txtgras\"><strong>La Arquitectura<\/strong><\/span><\/h2>\n<p><span class=\"txtgras\"><strong>980<\/strong>.<\/span>Fucaldus, joven hermano del Conde de Limoges, construye un campo fortificado sobre la roca que sobrevuela la ribera. Llama a ese campo Fucaldus in rupe (La Roche \u00e0 Foucauld). <\/p>\n<p><strong><span class=\"txtgras\">XI\u1d49<\/span><\/strong>. El hijo de Fucaldus hace construir el torreon cuadrado. <\/p>\n<p><span class=\"txtgras\"><strong>1350<\/strong>.<\/span>Almery de La Rochefoucauld hace construirblas dos torres de entrada. .<\/p>\n<p><span class=\"txtgras\"><strong>1453<\/strong>.<\/span> Jean de La Rochefoucauld erige las tres torres de angulo y hace elevar el torre\u00f2n luego de la victoria de la batalla de Castill7on que pone fin a la guerra de los Cien A\u00f1os.<\/p>\n<p><span class=\"txtgras\"><strong>1520<\/strong>.<\/span>Anne de Polignac hace construir las galerias y la gran escaliera en el estilo del Renacimiento, cuyo dise\u00f1o se atribuye a Leonardo Da Vinci.<\/p>\n<p><span class=\"txtgras\"><strong>1615<\/strong>.<\/span>Apertura del patio y demolici\u00f2n de l parte medioeval del castillo.<\/p>\n<p><span class=\"txtgras\"><strong>1760<\/strong>.<\/span>Reconstrucci\u00f2n de lala del siglo XVIII, reemplazando al ala siglo XVII que se habla quemado.<\/p>\n<p>Por su diversidad, la calidad y la elegancia de su arquitectura, el ch\u00e2teau de La Rochefoucauld amerita a justo titulo ser considerado como uno los m\u00e0s notables de Francia.<br \/>\nEl edificio est\u00e0 cercado de altas torres redondas. Las m\u00e0s antiguas forman el peque\u00f1o claustro, y se liga a las torres laterales mediante \u00e0ngulos cortados. <br \/>\nAl Este la fachada se inscribe m\u00e0s regularmente entre las torres.<br \/>\nEst\u00e8a emparentada la del ala de Fran\u00e7ois 1er en Blois. <br \/>\nLa fachada Sur muestra la misma cornisa, pero las ventanas y los tragaluces est\u00e0n encuadradas por simples cordones, de una molduraci\u00f2n todavia g\u00f2tica. Es posible que los trabalos hayan comenzado por esta fachada. Al medio, excediendo fuertemente el nivel de los tejados, una vasta torre de escaleras de planta cuadrada ofrece un revolt\u00f2n de ventanas con pilastras.<\/p>\n<h2><strong><span class=\"txtgras\">Galerias del Renacimiento<\/span><\/strong><\/h2>\n<p>La originalidad m\u00e0s profunda del castillo reside en la decoraci\u00f2n del patio, no habiendo sido construida el ala Norte construida y el ala Oeste, incendiada, econstruida el siglo XVIII. Sobre los dos otros lados se despliega el sorprendente decorado de un \u00ab cortile \u00bb a la italiana, tapizado de portic\u00f2s en arcadas sobre tres niveles. Este partido, excepcional en Francia, recuerda la instancia del dise\u00f1o de Bramante e la corte de San Damacio e el Vaticano. El seguimiento de los odelos italienos es patente.<\/p>\n<h2><strong><span class=\"txtgras\">Las Puertas<\/span><\/strong><\/h2>\n<p>Las magnificas puertas que se abren en todos los pisos de las galerias reflejan el gusto pronunciado del Renacimiento italiano por la antiguedad. Una de las puertas m\u00e0s remarcables es aquella de la capilla : esta encuadrada por dos columnas estriadas sobrevoladas por capiteles corintiosque comportan la \u00ab F \u00bb y la \u00ab A \u00bb (de Fran\u00e7ois y Ana). La puerta es en arco rebajado y unos angelotes ornamentan la archivolta. Por encima se desarrolla un motivo llamado perro corriendo, tipicamente florentino.<\/p>\n<h2><strong><span class=\"txtgras\">La Capilla<\/span><\/strong><\/h2>\n<p>La capilla, en la que el \u00e0bside llena la gran torre, perforada en esta ocasi\u00f2n por altas ventanas en corte ojival, esta abovedada con ojivas sobre columnas muy inspiradas en el arte italiano, ya que por la primera vez quien sabe en Francia, elles portan por encima de sus capiteles trozos de entblamento, una disposici\u00f2n comoda para darle al apoyo una mayor elevaci\u00f2n, conservando siempre las proporciones antiguas de la columna. En el siglo XX la muerte s\u00f9bita del pequetto Fran\u00e7ois XVII va a modificar sensiblemente el aspecto interior de la capilla. Sus padres reemplazan los vitrales, instalan una tribuna, repavimentan el coro y hacer figurar por todas partes sus iniciales y su joven rostro. Fran\u00e7ois XVII y sus padres est\u00e0n inhumados en esta capilla.<\/p>\n<h2><strong><span class=\"txtgras\">La Gran Escaera<\/span><\/strong><\/h2>\n<p>Es la pieza maestra del castillo, de tipo tradicional con relaci\u00f2n a un mudo poderosamente torneado, decorado de paneles con molduras geom\u00e9tricas que recuerdan a la vez a Blois y a Chambord. Esta escalera helicoidal se inscribe dentro de un cuadrado de 6.75 metros de lado y termina en una palmeta de ojivas. En el centro, un busto que sostiene en sus manos un balc\u00f2n con un cuello de haya guamecido de cascabeles alrededor de las espaldas sigue siendo un misterio en cuanto a su identidad. La escalera tiene 108 pasos, siendo el mas largo de 4 metros.[\/vc_column_text][\/vc_column][\/vc_row]<\/p>\n<\/div>","protected":false},"excerpt":{"rendered":"<p>[vc_row unlock_row_content=&#8221;yes&#8221; row_height_percent=&#8221;100&#8243; override_padding=&#8221;yes&#8221; h_padding=&#8221;0&#8243; top_padding=&#8221;0&#8243; bottom_padding=&#8221;0&#8243; back_color=&#8221;color-jevc&#8221; overlay_alpha=&#8221;50&#8243; equal_height=&#8221;yes&#8221; gutter_size=&#8221;0&#8243; column_width_percent=&#8221;100&#8243; shift_y=&#8221;0&#8243; z_index=&#8221;0&#8243;][vc_column column_width_percent=&#8221;100&#8243; align_horizontal=&#8221;align_center&#8221; gutter_size=&#8221;3&#8243; expand_height=&#8221;yes&#8221; back_color=&#8221;color-jevc&#8221; overlay_alpha=&#8221;50&#8243; [&hellip;]<\/p>\n","protected":false},"author":1,"featured_media":0,"parent":0,"menu_order":0,"comment_status":"closed","ping_status":"closed","template":"","meta":{"footnotes":""},"class_list":["post-88582","page","type-page","status-publish","hentry"],"yoast_head":"<!-- This site is optimized with the Yoast SEO plugin v27.5 - https:\/\/yoast.com\/product\/yoast-seo-wordpress\/ -->\n<title>Arquitectura - Ch\u00e2teau de La Rochefoucauld<\/title>\n<meta name=\"robots\" content=\"index, follow, max-snippet:-1, max-image-preview:large, max-video-preview:-1\" \/>\n<link rel=\"canonical\" href=\"https:\/\/www.chateau-la-rochefoucauld.com\/es\/arquitectura\/\" \/>\n<meta property=\"og:locale\" content=\"es_ES\" \/>\n<meta property=\"og:type\" content=\"article\" \/>\n<meta property=\"og:title\" content=\"Arquitectura - Ch\u00e2teau de La Rochefoucauld\" \/>\n<meta property=\"og:description\" content=\"[vc_row unlock_row_content=&#8221;yes&#8221; row_height_percent=&#8221;100&#8243; override_padding=&#8221;yes&#8221; h_padding=&#8221;0&#8243; top_padding=&#8221;0&#8243; bottom_padding=&#8221;0&#8243; back_color=&#8221;color-jevc&#8221; overlay_alpha=&#8221;50&#8243; equal_height=&#8221;yes&#8221; gutter_size=&#8221;0&#8243; column_width_percent=&#8221;100&#8243; shift_y=&#8221;0&#8243; z_index=&#8221;0&#8243;][vc_column column_width_percent=&#8221;100&#8243; align_horizontal=&#8221;align_center&#8221; gutter_size=&#8221;3&#8243; expand_height=&#8221;yes&#8221; back_color=&#8221;color-jevc&#8221; overlay_alpha=&#8221;50&#8243; [&hellip;]\" \/>\n<meta property=\"og:url\" content=\"https:\/\/www.chateau-la-rochefoucauld.com\/es\/arquitectura\/\" \/>\n<meta property=\"og:site_name\" content=\"Ch\u00e2teau de La Rochefoucauld\" \/>\n<meta property=\"article:publisher\" content=\"https:\/\/www.facebook.com\/ChateauDeLaRochefoucauld\" \/>\n<meta property=\"article:modified_time\" content=\"2021-04-19T13:33:07+00:00\" \/>\n<meta name=\"twitter:card\" content=\"summary_large_image\" \/>\n<meta name=\"twitter:label1\" content=\"Tiempo de lectura\" \/>\n\t<meta name=\"twitter:data1\" content=\"4 minutos\" \/>\n<script type=\"application\/ld+json\" class=\"yoast-schema-graph\">{\"@context\":\"https:\\\/\\\/schema.org\",\"@graph\":[{\"@type\":\"WebPage\",\"@id\":\"https:\\\/\\\/www.chateau-la-rochefoucauld.com\\\/es\\\/arquitectura\\\/\",\"url\":\"https:\\\/\\\/www.chateau-la-rochefoucauld.com\\\/es\\\/arquitectura\\\/\",\"name\":\"Arquitectura - Ch\u00e2teau de La Rochefoucauld\",\"isPartOf\":{\"@id\":\"https:\\\/\\\/www.chateau-la-rochefoucauld.com\\\/es\\\/#website\"},\"datePublished\":\"2021-04-19T13:33:05+00:00\",\"dateModified\":\"2021-04-19T13:33:07+00:00\",\"breadcrumb\":{\"@id\":\"https:\\\/\\\/www.chateau-la-rochefoucauld.com\\\/es\\\/arquitectura\\\/#breadcrumb\"},\"inLanguage\":\"es\",\"potentialAction\":[{\"@type\":\"ReadAction\",\"target\":[\"https:\\\/\\\/www.chateau-la-rochefoucauld.com\\\/es\\\/arquitectura\\\/\"]}]},{\"@type\":\"BreadcrumbList\",\"@id\":\"https:\\\/\\\/www.chateau-la-rochefoucauld.com\\\/es\\\/arquitectura\\\/#breadcrumb\",\"itemListElement\":[{\"@type\":\"ListItem\",\"position\":1,\"name\":\"Accueil\",\"item\":\"https:\\\/\\\/www.chateau-la-rochefoucauld.com\\\/\"},{\"@type\":\"ListItem\",\"position\":2,\"name\":\"Arquitectura\"}]},{\"@type\":\"WebSite\",\"@id\":\"https:\\\/\\\/www.chateau-la-rochefoucauld.com\\\/es\\\/#website\",\"url\":\"https:\\\/\\\/www.chateau-la-rochefoucauld.com\\\/es\\\/\",\"name\":\"Ch\u00e2teau de La Rochefoucauld\",\"description\":\"du 11\u00e8me si\u00e8cle \u00e0 nos jours\",\"publisher\":{\"@id\":\"https:\\\/\\\/www.chateau-la-rochefoucauld.com\\\/es\\\/#organization\"},\"potentialAction\":[{\"@type\":\"SearchAction\",\"target\":{\"@type\":\"EntryPoint\",\"urlTemplate\":\"https:\\\/\\\/www.chateau-la-rochefoucauld.com\\\/es\\\/?s={search_term_string}\"},\"query-input\":{\"@type\":\"PropertyValueSpecification\",\"valueRequired\":true,\"valueName\":\"search_term_string\"}}],\"inLanguage\":\"es\"},{\"@type\":\"Organization\",\"@id\":\"https:\\\/\\\/www.chateau-la-rochefoucauld.com\\\/es\\\/#organization\",\"name\":\"Ch\u00e2teau de La Rochefoucauld\",\"url\":\"https:\\\/\\\/www.chateau-la-rochefoucauld.com\\\/es\\\/\",\"logo\":{\"@type\":\"ImageObject\",\"inLanguage\":\"es\",\"@id\":\"https:\\\/\\\/www.chateau-la-rochefoucauld.com\\\/es\\\/#\\\/schema\\\/logo\\\/image\\\/\",\"url\":\"https:\\\/\\\/www.chateau-la-rochefoucauld.com\\\/wp-content\\\/uploads\\\/2021\\\/04\\\/blasonLaRochefoucauldPei.png\",\"contentUrl\":\"https:\\\/\\\/www.chateau-la-rochefoucauld.com\\\/wp-content\\\/uploads\\\/2021\\\/04\\\/blasonLaRochefoucauldPei.png\",\"width\":184,\"height\":200,\"caption\":\"Ch\u00e2teau de La Rochefoucauld\"},\"image\":{\"@id\":\"https:\\\/\\\/www.chateau-la-rochefoucauld.com\\\/es\\\/#\\\/schema\\\/logo\\\/image\\\/\"},\"sameAs\":[\"https:\\\/\\\/www.facebook.com\\\/ChateauDeLaRochefoucauld\",\"https:\\\/\\\/www.instagram.com\\\/chateau.la.rochefoucauld\\\/\"]}]}<\/script>\n<!-- \/ Yoast SEO plugin. -->","yoast_head_json":{"title":"Arquitectura - Ch\u00e2teau de La Rochefoucauld","robots":{"index":"index","follow":"follow","max-snippet":"max-snippet:-1","max-image-preview":"max-image-preview:large","max-video-preview":"max-video-preview:-1"},"canonical":"https:\/\/www.chateau-la-rochefoucauld.com\/es\/arquitectura\/","og_locale":"es_ES","og_type":"article","og_title":"Arquitectura - Ch\u00e2teau de La Rochefoucauld","og_description":"[vc_row unlock_row_content=&#8221;yes&#8221; row_height_percent=&#8221;100&#8243; override_padding=&#8221;yes&#8221; h_padding=&#8221;0&#8243; top_padding=&#8221;0&#8243; bottom_padding=&#8221;0&#8243; back_color=&#8221;color-jevc&#8221; overlay_alpha=&#8221;50&#8243; equal_height=&#8221;yes&#8221; gutter_size=&#8221;0&#8243; column_width_percent=&#8221;100&#8243; shift_y=&#8221;0&#8243; z_index=&#8221;0&#8243;][vc_column column_width_percent=&#8221;100&#8243; align_horizontal=&#8221;align_center&#8221; gutter_size=&#8221;3&#8243; expand_height=&#8221;yes&#8221; back_color=&#8221;color-jevc&#8221; overlay_alpha=&#8221;50&#8243; [&hellip;]","og_url":"https:\/\/www.chateau-la-rochefoucauld.com\/es\/arquitectura\/","og_site_name":"Ch\u00e2teau de La Rochefoucauld","article_publisher":"https:\/\/www.facebook.com\/ChateauDeLaRochefoucauld","article_modified_time":"2021-04-19T13:33:07+00:00","twitter_card":"summary_large_image","twitter_misc":{"Tiempo de lectura":"4 minutos"},"schema":{"@context":"https:\/\/schema.org","@graph":[{"@type":"WebPage","@id":"https:\/\/www.chateau-la-rochefoucauld.com\/es\/arquitectura\/","url":"https:\/\/www.chateau-la-rochefoucauld.com\/es\/arquitectura\/","name":"Arquitectura - Ch\u00e2teau de La Rochefoucauld","isPartOf":{"@id":"https:\/\/www.chateau-la-rochefoucauld.com\/es\/#website"},"datePublished":"2021-04-19T13:33:05+00:00","dateModified":"2021-04-19T13:33:07+00:00","breadcrumb":{"@id":"https:\/\/www.chateau-la-rochefoucauld.com\/es\/arquitectura\/#breadcrumb"},"inLanguage":"es","potentialAction":[{"@type":"ReadAction","target":["https:\/\/www.chateau-la-rochefoucauld.com\/es\/arquitectura\/"]}]},{"@type":"BreadcrumbList","@id":"https:\/\/www.chateau-la-rochefoucauld.com\/es\/arquitectura\/#breadcrumb","itemListElement":[{"@type":"ListItem","position":1,"name":"Accueil","item":"https:\/\/www.chateau-la-rochefoucauld.com\/"},{"@type":"ListItem","position":2,"name":"Arquitectura"}]},{"@type":"WebSite","@id":"https:\/\/www.chateau-la-rochefoucauld.com\/es\/#website","url":"https:\/\/www.chateau-la-rochefoucauld.com\/es\/","name":"Ch\u00e2teau de La Rochefoucauld","description":"du 11\u00e8me si\u00e8cle \u00e0 nos jours","publisher":{"@id":"https:\/\/www.chateau-la-rochefoucauld.com\/es\/#organization"},"potentialAction":[{"@type":"SearchAction","target":{"@type":"EntryPoint","urlTemplate":"https:\/\/www.chateau-la-rochefoucauld.com\/es\/?s={search_term_string}"},"query-input":{"@type":"PropertyValueSpecification","valueRequired":true,"valueName":"search_term_string"}}],"inLanguage":"es"},{"@type":"Organization","@id":"https:\/\/www.chateau-la-rochefoucauld.com\/es\/#organization","name":"Ch\u00e2teau de La Rochefoucauld","url":"https:\/\/www.chateau-la-rochefoucauld.com\/es\/","logo":{"@type":"ImageObject","inLanguage":"es","@id":"https:\/\/www.chateau-la-rochefoucauld.com\/es\/#\/schema\/logo\/image\/","url":"https:\/\/www.chateau-la-rochefoucauld.com\/wp-content\/uploads\/2021\/04\/blasonLaRochefoucauldPei.png","contentUrl":"https:\/\/www.chateau-la-rochefoucauld.com\/wp-content\/uploads\/2021\/04\/blasonLaRochefoucauldPei.png","width":184,"height":200,"caption":"Ch\u00e2teau de La Rochefoucauld"},"image":{"@id":"https:\/\/www.chateau-la-rochefoucauld.com\/es\/#\/schema\/logo\/image\/"},"sameAs":["https:\/\/www.facebook.com\/ChateauDeLaRochefoucauld","https:\/\/www.instagram.com\/chateau.la.rochefoucauld\/"]}]}},"_links":{"self":[{"href":"https:\/\/www.chateau-la-rochefoucauld.com\/es\/wp-json\/wp\/v2\/pages\/88582","targetHints":{"allow":["GET"]}}],"collection":[{"href":"https:\/\/www.chateau-la-rochefoucauld.com\/es\/wp-json\/wp\/v2\/pages"}],"about":[{"href":"https:\/\/www.chateau-la-rochefoucauld.com\/es\/wp-json\/wp\/v2\/types\/page"}],"author":[{"embeddable":true,"href":"https:\/\/www.chateau-la-rochefoucauld.com\/es\/wp-json\/wp\/v2\/users\/1"}],"replies":[{"embeddable":true,"href":"https:\/\/www.chateau-la-rochefoucauld.com\/es\/wp-json\/wp\/v2\/comments?post=88582"}],"version-history":[{"count":6,"href":"https:\/\/www.chateau-la-rochefoucauld.com\/es\/wp-json\/wp\/v2\/pages\/88582\/revisions"}],"predecessor-version":[{"id":88600,"href":"https:\/\/www.chateau-la-rochefoucauld.com\/es\/wp-json\/wp\/v2\/pages\/88582\/revisions\/88600"}],"wp:attachment":[{"href":"https:\/\/www.chateau-la-rochefoucauld.com\/es\/wp-json\/wp\/v2\/media?parent=88582"}],"curies":[{"name":"wp","href":"https:\/\/api.w.org\/{rel}","templated":true}]}}