{"id":88794,"date":"2021-04-19T16:57:50","date_gmt":"2021-04-19T14:57:50","guid":{"rendered":"http:\/\/chateau.agencecentaure.fr\/architektur\/"},"modified":"2021-04-19T16:57:52","modified_gmt":"2021-04-19T14:57:52","slug":"architektur","status":"publish","type":"page","link":"https:\/\/www.chateau-la-rochefoucauld.com\/de\/architektur\/","title":{"rendered":"ARCHITEKTUR"},"content":{"rendered":"<div class=\"wpb-content-wrapper\"><p>[vc_row unlock_row_content=&#8221;yes&#8221; row_height_percent=&#8221;100&#8243; override_padding=&#8221;yes&#8221; h_padding=&#8221;0&#8243; top_padding=&#8221;0&#8243; bottom_padding=&#8221;0&#8243; back_color=&#8221;color-jevc&#8221; overlay_alpha=&#8221;50&#8243; equal_height=&#8221;yes&#8221; gutter_size=&#8221;0&#8243; column_width_percent=&#8221;100&#8243; shift_y=&#8221;0&#8243; z_index=&#8221;0&#8243;][vc_column column_width_percent=&#8221;100&#8243; align_horizontal=&#8221;align_center&#8221; gutter_size=&#8221;3&#8243; expand_height=&#8221;yes&#8221; back_color=&#8221;color-jevc&#8221; overlay_alpha=&#8221;50&#8243; shift_x=&#8221;0&#8243; shift_y=&#8221;0&#8243; shift_y_down=&#8221;0&#8243; z_index=&#8221;0&#8243; medium_width=&#8221;0&#8243; mobile_width=&#8221;0&#8243; sticky=&#8221;yes&#8221; width=&#8221;1\/2&#8243; mobile_height=&#8221;340&#8243; css=&#8221;.vc_custom_1618258425021{padding-top: 0px !important;padding-right: 0px !important;padding-bottom: 0px !important;padding-left: 0px !important;}&#8221;][vc_single_image media=&#8221;88103&#8243; media_width_percent=&#8221;100&#8243;][\/vc_column][vc_column column_width_use_pixel=&#8221;yes&#8221; gutter_size=&#8221;3&#8243; override_padding=&#8221;yes&#8221; column_padding=&#8221;5&#8243; back_color=&#8221;color-188982&#8243; overlay_alpha=&#8221;50&#8243; shift_x=&#8221;0&#8243; shift_y=&#8221;0&#8243; shift_y_down=&#8221;0&#8243; z_index=&#8221;0&#8243; medium_width=&#8221;0&#8243; mobile_width=&#8221;0&#8243; width=&#8221;1\/2&#8243; column_width_pixel=&#8221;528&#8243;][vc_custom_heading heading_semantic=&#8221;h6&#8243; text_size=&#8221;fontsize-160000&#8243; text_transform=&#8221;uppercase&#8221; text_space=&#8221;fontspace-135905&#8243; text_color=&#8221;accent&#8221;]<\/p>\n<h1>ARCHITEKTUR<\/h1>\n<p>[\/vc_custom_heading][vc_column_text text_lead=&#8221;yes&#8221;]<\/p>\n<h2><span class=\"txtgras\"><strong>Wichtigste Daten<\/strong><\/span><\/h2>\n<p><span class=\"txtgras\"><strong>980<\/strong>.<\/span>Fucaldus, Bruder des Grafen von Limoges, errichtet auf einem den Flu\u00df \u00fcberragenden Felsen ein befestigtes Fort, das er Fucaldus in rupe nennt: Der Felsen des Foucauld. <\/p>\n<p><strong><span class=\"txtgras\">XI\u1d49<\/span><\/strong>. Der Sohn des Fucaldus l\u00e4\u00dft den quadratischen Burg-fried errichten. <\/p>\n<p><span class=\"txtgras\"><strong>1350<\/strong>.<\/span>Unter Aimery von La Roche-foucauld entstehen die beiden das Portal flankierenden T\u00fcrme.<\/p>\n<p><span class=\"txtgras\"><strong>1453<\/strong>.<\/span> Jean von La Rochefoucauld er-richtet die drei m\u00e4chtigen Eckt\u00fcrme und bekr\u00f6nt als Zeichen f\u00fcr den in der Schlacht von Castillon davongetragenen Sieg, der den Hundertj\u00e4hrigen Krieg beendendete, den Burgfried mit weiteren Etagen.<\/p>\n<p><span class=\"txtgras\"><strong>1520<\/strong>.<\/span>Anne von Polignac beginnt den dem Stil der Renaissance verpflichteten Umbau der mittelalterlichen Festung. Die dreigescho\u00dfigen Arkadeng\u00e4nge an der S\u00fcd- und Ostseite des Innenhofes, sowie die den Entw\u00fcrfen Leonardo da Vincis zugeschriebene gro\u00dfe Stiegen-spirale sind Teil dieses urspr\u00fcnglich das ganze Schlo\u00df umfassenden Projektes.<\/p>\n<p><span class=\"txtgras\"><strong>1615<\/strong>.<\/span>Abbruch des mittelalterlichen Nordfl\u00fcgels und \u00d6ffnung des Innenhofs im Geschmack des beginnenden 17. Jahr-hunderts.<\/p>\n<p><span class=\"txtgras\"><strong>1760<\/strong>.<\/span>Wiederaufbau des nach einem Brand zerst\u00f6rten Westfl\u00fcgels des Schlosses im Stil des 18. Jahrhunderts.<\/p>\n<p>Das Schlo\u00df von La Rochefoucauld z\u00e4hlt auf Grund seiner architektonischen Vielfalt, seiner bauk\u00fcnstlerischen Qualit\u00e4t und seiner Eleganz zu den bedeutensten Architekturdenkm\u00e4lern Frankreichs.<br \/>\nDas Geb\u00e4ude beeindruckt bereits aus der Ferne durch seine stattlichen T\u00fcrme, von denen die das einst mit einer Zug-br\u00fccke ausgestattete Portal flankier-enden zu den \u00e4ltesten geh\u00f6ren. Die m\u00e4chtigen, aus dem 15. Jahrhundert stammenden Eckt\u00fcrme sind zinnen-bekr\u00f6nt und mit au\u00dfergew\u00f6hnlich steilen Dachkegeln ausgestattet. <br \/>\nDie in der Renaissance errichtete S\u00fcd-fassade ist der mittelalterlichen Wehr-mauer vorgeblendet. Die seitlich dia-gonalgestellten Mauerfl\u00e4chen erm\u00f6g-lichen die Einbindung dieser neuer-richteten Prachtfassade in den mittel-alterlichen Grundri\u00df.<br \/>\nDie Ostfassade hingegen ist auf den Fundamenten der fr\u00fcheren, von den Eckt\u00fcrmen flankierten Wehrmauer errichtet. In ihrer Konzeption steht sie der Fassade des von Fran\u00e7ois Ier errichteten Schlo\u00dffl\u00fcgels von Blois nahe. <br \/>\nDie architektonische Ausgestaltung der beiden Fassaden ist unterschiedlich, jedoch harmonisch aufeinander ab-gestimmt. Insbesondere das Kranz-gesims der S\u00fcdseite entspricht weit-gehend dem der Ostseite. Im Unter-schied dazu jedoch sind die Fenster-\u00f6ffnungen auf der S\u00fcdseite nur mit einfachen Bandmotiven versehen, wie auch der Skulpturenschmuck weit-gehend noch den Einflu\u00df der Gotik erkennen l\u00e4\u00dft. Diese Tatsache erlaubt die Schlu\u00dffolgerung, da\u00df der Umbau des mittelalterlichen Schlosses mit der S\u00fcdfassade seinen Anfang genommen hat. Das gro\u00dfe Treppenhaus, welches vollst\u00e4ndig im S\u00fcdfl\u00fcgel des Schlosses eingebunden ist, wird von einem turmartigen Pavillonaufbau bekr\u00f6nt, der zusammen mit der hier mit Pilastern versehenen Fensterachse einen beeindruckenden architektonischen Akzent darstellt.  <\/p>\n<h2><strong><span class=\"txtgras\">DIE RENAISSANCEARKADEN<\/span><\/strong><\/h2>\n<p>Die Einzigartigkeit des Schlosses besteht in der Ausgestaltung des Innenhofes, der jedoch als Fragment betrachtet werden mu\u00df, da die Nordseite unausgef\u00fchrt blieb und der Westfl\u00fcgel nach einer Brandkatastrophe im 18. Jahrhundert im Stil der Zeit wieder-richtet wurde. Die beiden restlichen Hoffassaden haben ihre auf drei Etagen angeordneten Arkadeng\u00e4nge bewahrt. Einem italienischen cortile nachempfunden, erinnert diese f\u00fcr Frankreich einzigartige Fassadenarchitektur an die Entw\u00fcrfe Bramantes f\u00fcr den vatikanischen Corte Santo-Damaso. Der Einflu\u00df italienischer Vorbilder ist insbesondere in den beiden Obergeschossen der Arkaden nachweisbar.   <\/p>\n<h2><strong><span class=\"txtgras\">DIE PORTALE<\/span><\/strong><\/h2>\n<p>Die architektonisch bedeutenden Portale der Arkadeng\u00e4nge spiegeln das Interesse der italienischen Renaissance f\u00fcr die r\u00f6mische Antike wieder. Eine der bemerkenswertesten Beispiele daf\u00fcr ist das Kapellenportal. Flankiert von zwei kanel\u00fcrten und mit korinthischen Kapitellen ausgestatteten S\u00e4ulen, finden sich hier die Initialen der Bauherren wieder: \u00ab F \u00bb und \u00ab A \u00bb stehen f\u00fcr Fran\u00e7ois von La Rochefoucauld und Anne von Polignac. Das Kapellenportal wird von einem Korbbogen \u00fcberw\u00f6lbt, da\u00df mit Engelsfiguren ausgeschm\u00fcckt ist. Dar\u00fcber befindet sich ein florentinisches M\u00e4anderband, das als &#8220;laufender Hund&#8221; bezeichnet wird.   <\/p>\n<h2><strong><span class=\"txtgras\">DIE KAPELLE<\/span><\/strong><\/h2>\n<p>Die Kapelle, deren Apsis das Innere des Nord-Ostturms ausf\u00fcllt, wird von hohen Lanzettfenstern belichtet. Sie wird von einem Kreuzrippengew\u00f6lbe \u00fcberdeckt, das auf Strebepfeilern ruht, die auf Grund der Ausformung der Kapitelle als von der italienischen Gotik beeinflu\u00dft gelten. Mittels eines Kegelstumpfes werden die Kapitelle der Strebepfeiler nach oben hin optisch verl\u00e4ngert, ohne dadurch den antiken S\u00e4ulenkanon zu beeintr\u00e4chtigen. In dieser Eigenschaft stellen sie eine der ersten Beispiele dieses Prinzips in Frankreich dar. Im 20. Jahrhundert erfuhr die Kapelle einige architektonische Ver\u00e4nderungen, die auf den unvorhergesehenen Tod von Fran\u00e7ois XVII, der im Kindesalter verstorben war, zur\u00fcckgehen. Die Glasfenster, die Trib\u00fcne und der Seinboden im Chorbereich stammen aus dieser Zeit. Die Eltern des Knaben legten besonderen Wert darauf, die Initialen ihres Sohnes wie auch sein Portr\u00e4t in der Kapelle zu verewigen. Sie sind gemeinsam mit ihrem Kind in der Gruft bestattet.   <\/p>\n<h2><strong><span class=\"txtgras\">DIE GROSSE TREPPE<\/span><\/strong><\/h2>\n<p>Es handelt sich um das architektonische Glanzst\u00fcck des Schlosses. Als majest\u00e4tische Stiegenspirale, ausgestattet mit m\u00e4chtigem Treppenkern und geometrischen Architekturornamenten, steht sie in unmittelbarem Zusammenhang mit den gro\u00dfen Spiralen von Blois und Chambord. Das quadratische Treppenhaus hat eine Seitenl\u00e4nge von 6,75 m und wird von einem kunstvollem Kreuzrippengew\u00f6lbe \u00fcberdeckt. An seinem oberen Abschlu\u00df befindet sich die Skulptur eines mit einer Narrenm\u00fctze versehenen Falkners, \u00fcber dessen Identit\u00e4t Unklarheit herrscht. Die Treppenspirale setzt sich aus 108 Stufen zusammen, von denen die l\u00e4ngste 4 m mi\u00dft.[\/vc_column_text][\/vc_column][\/vc_row]<\/p>\n<\/div>","protected":false},"excerpt":{"rendered":"<p>[vc_row unlock_row_content=&#8221;yes&#8221; row_height_percent=&#8221;100&#8243; override_padding=&#8221;yes&#8221; h_padding=&#8221;0&#8243; top_padding=&#8221;0&#8243; bottom_padding=&#8221;0&#8243; back_color=&#8221;color-jevc&#8221; overlay_alpha=&#8221;50&#8243; equal_height=&#8221;yes&#8221; gutter_size=&#8221;0&#8243; column_width_percent=&#8221;100&#8243; shift_y=&#8221;0&#8243; z_index=&#8221;0&#8243;][vc_column column_width_percent=&#8221;100&#8243; align_horizontal=&#8221;align_center&#8221; gutter_size=&#8221;3&#8243; expand_height=&#8221;yes&#8221; back_color=&#8221;color-jevc&#8221; overlay_alpha=&#8221;50&#8243; [&hellip;]<\/p>\n","protected":false},"author":1,"featured_media":0,"parent":0,"menu_order":0,"comment_status":"closed","ping_status":"closed","template":"","meta":{"footnotes":""},"class_list":["post-88794","page","type-page","status-publish","hentry"],"yoast_head":"<!-- This site is optimized with the Yoast SEO plugin v27.5 - https:\/\/yoast.com\/product\/yoast-seo-wordpress\/ -->\n<title>ARCHITEKTUR - Ch\u00e2teau de La Rochefoucauld<\/title>\n<meta name=\"robots\" content=\"index, follow, max-snippet:-1, max-image-preview:large, max-video-preview:-1\" \/>\n<link rel=\"canonical\" href=\"https:\/\/www.chateau-la-rochefoucauld.com\/de\/architektur\/\" \/>\n<meta property=\"og:locale\" content=\"de_DE\" \/>\n<meta property=\"og:type\" content=\"article\" \/>\n<meta property=\"og:title\" content=\"ARCHITEKTUR - Ch\u00e2teau de La Rochefoucauld\" \/>\n<meta property=\"og:description\" content=\"[vc_row unlock_row_content=&#8221;yes&#8221; row_height_percent=&#8221;100&#8243; override_padding=&#8221;yes&#8221; h_padding=&#8221;0&#8243; top_padding=&#8221;0&#8243; bottom_padding=&#8221;0&#8243; back_color=&#8221;color-jevc&#8221; overlay_alpha=&#8221;50&#8243; equal_height=&#8221;yes&#8221; gutter_size=&#8221;0&#8243; column_width_percent=&#8221;100&#8243; shift_y=&#8221;0&#8243; z_index=&#8221;0&#8243;][vc_column column_width_percent=&#8221;100&#8243; align_horizontal=&#8221;align_center&#8221; gutter_size=&#8221;3&#8243; expand_height=&#8221;yes&#8221; back_color=&#8221;color-jevc&#8221; overlay_alpha=&#8221;50&#8243; [&hellip;]\" \/>\n<meta property=\"og:url\" content=\"https:\/\/www.chateau-la-rochefoucauld.com\/de\/architektur\/\" \/>\n<meta property=\"og:site_name\" content=\"Ch\u00e2teau de La Rochefoucauld\" \/>\n<meta property=\"article:publisher\" content=\"https:\/\/www.facebook.com\/ChateauDeLaRochefoucauld\" \/>\n<meta property=\"article:modified_time\" content=\"2021-04-19T14:57:52+00:00\" \/>\n<meta name=\"twitter:card\" content=\"summary_large_image\" \/>\n<meta name=\"twitter:label1\" content=\"Gesch\u00e4tzte Lesezeit\" \/>\n\t<meta name=\"twitter:data1\" content=\"5\u00a0Minuten\" \/>\n<script type=\"application\/ld+json\" class=\"yoast-schema-graph\">{\"@context\":\"https:\\\/\\\/schema.org\",\"@graph\":[{\"@type\":\"WebPage\",\"@id\":\"https:\\\/\\\/www.chateau-la-rochefoucauld.com\\\/de\\\/architektur\\\/\",\"url\":\"https:\\\/\\\/www.chateau-la-rochefoucauld.com\\\/de\\\/architektur\\\/\",\"name\":\"ARCHITEKTUR - Ch\u00e2teau de La Rochefoucauld\",\"isPartOf\":{\"@id\":\"https:\\\/\\\/www.chateau-la-rochefoucauld.com\\\/es\\\/#website\"},\"datePublished\":\"2021-04-19T14:57:50+00:00\",\"dateModified\":\"2021-04-19T14:57:52+00:00\",\"breadcrumb\":{\"@id\":\"https:\\\/\\\/www.chateau-la-rochefoucauld.com\\\/de\\\/architektur\\\/#breadcrumb\"},\"inLanguage\":\"de\",\"potentialAction\":[{\"@type\":\"ReadAction\",\"target\":[\"https:\\\/\\\/www.chateau-la-rochefoucauld.com\\\/de\\\/architektur\\\/\"]}]},{\"@type\":\"BreadcrumbList\",\"@id\":\"https:\\\/\\\/www.chateau-la-rochefoucauld.com\\\/de\\\/architektur\\\/#breadcrumb\",\"itemListElement\":[{\"@type\":\"ListItem\",\"position\":1,\"name\":\"Accueil\",\"item\":\"https:\\\/\\\/www.chateau-la-rochefoucauld.com\\\/\"},{\"@type\":\"ListItem\",\"position\":2,\"name\":\"ARCHITEKTUR\"}]},{\"@type\":\"WebSite\",\"@id\":\"https:\\\/\\\/www.chateau-la-rochefoucauld.com\\\/es\\\/#website\",\"url\":\"https:\\\/\\\/www.chateau-la-rochefoucauld.com\\\/es\\\/\",\"name\":\"Ch\u00e2teau de La Rochefoucauld\",\"description\":\"du 11\u00e8me si\u00e8cle \u00e0 nos jours\",\"publisher\":{\"@id\":\"https:\\\/\\\/www.chateau-la-rochefoucauld.com\\\/es\\\/#organization\"},\"potentialAction\":[{\"@type\":\"SearchAction\",\"target\":{\"@type\":\"EntryPoint\",\"urlTemplate\":\"https:\\\/\\\/www.chateau-la-rochefoucauld.com\\\/es\\\/?s={search_term_string}\"},\"query-input\":{\"@type\":\"PropertyValueSpecification\",\"valueRequired\":true,\"valueName\":\"search_term_string\"}}],\"inLanguage\":\"de\"},{\"@type\":\"Organization\",\"@id\":\"https:\\\/\\\/www.chateau-la-rochefoucauld.com\\\/es\\\/#organization\",\"name\":\"Ch\u00e2teau de La Rochefoucauld\",\"url\":\"https:\\\/\\\/www.chateau-la-rochefoucauld.com\\\/es\\\/\",\"logo\":{\"@type\":\"ImageObject\",\"inLanguage\":\"de\",\"@id\":\"https:\\\/\\\/www.chateau-la-rochefoucauld.com\\\/es\\\/#\\\/schema\\\/logo\\\/image\\\/\",\"url\":\"https:\\\/\\\/www.chateau-la-rochefoucauld.com\\\/wp-content\\\/uploads\\\/2021\\\/04\\\/blasonLaRochefoucauldPei.png\",\"contentUrl\":\"https:\\\/\\\/www.chateau-la-rochefoucauld.com\\\/wp-content\\\/uploads\\\/2021\\\/04\\\/blasonLaRochefoucauldPei.png\",\"width\":184,\"height\":200,\"caption\":\"Ch\u00e2teau de La Rochefoucauld\"},\"image\":{\"@id\":\"https:\\\/\\\/www.chateau-la-rochefoucauld.com\\\/es\\\/#\\\/schema\\\/logo\\\/image\\\/\"},\"sameAs\":[\"https:\\\/\\\/www.facebook.com\\\/ChateauDeLaRochefoucauld\",\"https:\\\/\\\/www.instagram.com\\\/chateau.la.rochefoucauld\\\/\"]}]}<\/script>\n<!-- \/ Yoast SEO plugin. -->","yoast_head_json":{"title":"ARCHITEKTUR - Ch\u00e2teau de La Rochefoucauld","robots":{"index":"index","follow":"follow","max-snippet":"max-snippet:-1","max-image-preview":"max-image-preview:large","max-video-preview":"max-video-preview:-1"},"canonical":"https:\/\/www.chateau-la-rochefoucauld.com\/de\/architektur\/","og_locale":"de_DE","og_type":"article","og_title":"ARCHITEKTUR - Ch\u00e2teau de La Rochefoucauld","og_description":"[vc_row unlock_row_content=&#8221;yes&#8221; row_height_percent=&#8221;100&#8243; override_padding=&#8221;yes&#8221; h_padding=&#8221;0&#8243; top_padding=&#8221;0&#8243; bottom_padding=&#8221;0&#8243; back_color=&#8221;color-jevc&#8221; overlay_alpha=&#8221;50&#8243; equal_height=&#8221;yes&#8221; gutter_size=&#8221;0&#8243; column_width_percent=&#8221;100&#8243; shift_y=&#8221;0&#8243; z_index=&#8221;0&#8243;][vc_column column_width_percent=&#8221;100&#8243; align_horizontal=&#8221;align_center&#8221; gutter_size=&#8221;3&#8243; expand_height=&#8221;yes&#8221; back_color=&#8221;color-jevc&#8221; overlay_alpha=&#8221;50&#8243; [&hellip;]","og_url":"https:\/\/www.chateau-la-rochefoucauld.com\/de\/architektur\/","og_site_name":"Ch\u00e2teau de La Rochefoucauld","article_publisher":"https:\/\/www.facebook.com\/ChateauDeLaRochefoucauld","article_modified_time":"2021-04-19T14:57:52+00:00","twitter_card":"summary_large_image","twitter_misc":{"Gesch\u00e4tzte Lesezeit":"5\u00a0Minuten"},"schema":{"@context":"https:\/\/schema.org","@graph":[{"@type":"WebPage","@id":"https:\/\/www.chateau-la-rochefoucauld.com\/de\/architektur\/","url":"https:\/\/www.chateau-la-rochefoucauld.com\/de\/architektur\/","name":"ARCHITEKTUR - Ch\u00e2teau de La Rochefoucauld","isPartOf":{"@id":"https:\/\/www.chateau-la-rochefoucauld.com\/es\/#website"},"datePublished":"2021-04-19T14:57:50+00:00","dateModified":"2021-04-19T14:57:52+00:00","breadcrumb":{"@id":"https:\/\/www.chateau-la-rochefoucauld.com\/de\/architektur\/#breadcrumb"},"inLanguage":"de","potentialAction":[{"@type":"ReadAction","target":["https:\/\/www.chateau-la-rochefoucauld.com\/de\/architektur\/"]}]},{"@type":"BreadcrumbList","@id":"https:\/\/www.chateau-la-rochefoucauld.com\/de\/architektur\/#breadcrumb","itemListElement":[{"@type":"ListItem","position":1,"name":"Accueil","item":"https:\/\/www.chateau-la-rochefoucauld.com\/"},{"@type":"ListItem","position":2,"name":"ARCHITEKTUR"}]},{"@type":"WebSite","@id":"https:\/\/www.chateau-la-rochefoucauld.com\/es\/#website","url":"https:\/\/www.chateau-la-rochefoucauld.com\/es\/","name":"Ch\u00e2teau de La Rochefoucauld","description":"du 11\u00e8me si\u00e8cle \u00e0 nos jours","publisher":{"@id":"https:\/\/www.chateau-la-rochefoucauld.com\/es\/#organization"},"potentialAction":[{"@type":"SearchAction","target":{"@type":"EntryPoint","urlTemplate":"https:\/\/www.chateau-la-rochefoucauld.com\/es\/?s={search_term_string}"},"query-input":{"@type":"PropertyValueSpecification","valueRequired":true,"valueName":"search_term_string"}}],"inLanguage":"de"},{"@type":"Organization","@id":"https:\/\/www.chateau-la-rochefoucauld.com\/es\/#organization","name":"Ch\u00e2teau de La Rochefoucauld","url":"https:\/\/www.chateau-la-rochefoucauld.com\/es\/","logo":{"@type":"ImageObject","inLanguage":"de","@id":"https:\/\/www.chateau-la-rochefoucauld.com\/es\/#\/schema\/logo\/image\/","url":"https:\/\/www.chateau-la-rochefoucauld.com\/wp-content\/uploads\/2021\/04\/blasonLaRochefoucauldPei.png","contentUrl":"https:\/\/www.chateau-la-rochefoucauld.com\/wp-content\/uploads\/2021\/04\/blasonLaRochefoucauldPei.png","width":184,"height":200,"caption":"Ch\u00e2teau de La Rochefoucauld"},"image":{"@id":"https:\/\/www.chateau-la-rochefoucauld.com\/es\/#\/schema\/logo\/image\/"},"sameAs":["https:\/\/www.facebook.com\/ChateauDeLaRochefoucauld","https:\/\/www.instagram.com\/chateau.la.rochefoucauld\/"]}]}},"_links":{"self":[{"href":"https:\/\/www.chateau-la-rochefoucauld.com\/de\/wp-json\/wp\/v2\/pages\/88794","targetHints":{"allow":["GET"]}}],"collection":[{"href":"https:\/\/www.chateau-la-rochefoucauld.com\/de\/wp-json\/wp\/v2\/pages"}],"about":[{"href":"https:\/\/www.chateau-la-rochefoucauld.com\/de\/wp-json\/wp\/v2\/types\/page"}],"author":[{"embeddable":true,"href":"https:\/\/www.chateau-la-rochefoucauld.com\/de\/wp-json\/wp\/v2\/users\/1"}],"replies":[{"embeddable":true,"href":"https:\/\/www.chateau-la-rochefoucauld.com\/de\/wp-json\/wp\/v2\/comments?post=88794"}],"version-history":[{"count":5,"href":"https:\/\/www.chateau-la-rochefoucauld.com\/de\/wp-json\/wp\/v2\/pages\/88794\/revisions"}],"predecessor-version":[{"id":88811,"href":"https:\/\/www.chateau-la-rochefoucauld.com\/de\/wp-json\/wp\/v2\/pages\/88794\/revisions\/88811"}],"wp:attachment":[{"href":"https:\/\/www.chateau-la-rochefoucauld.com\/de\/wp-json\/wp\/v2\/media?parent=88794"}],"curies":[{"name":"wp","href":"https:\/\/api.w.org\/{rel}","templated":true}]}}