{"id":88770,"date":"2021-04-19T16:41:05","date_gmt":"2021-04-19T14:41:05","guid":{"rendered":"http:\/\/chateau.agencecentaure.fr\/moebel-und-malereien\/"},"modified":"2021-04-19T17:20:43","modified_gmt":"2021-04-19T15:20:43","slug":"moebel-und-malereien","status":"publish","type":"page","link":"https:\/\/www.chateau-la-rochefoucauld.com\/de\/moebel-und-malereien\/","title":{"rendered":"Die GESCHICHTE DER FAMILIE"},"content":{"rendered":"<div class=\"wpb-content-wrapper\"><p>[vc_row unlock_row_content=&#8221;yes&#8221; row_height_percent=&#8221;100&#8243; override_padding=&#8221;yes&#8221; h_padding=&#8221;0&#8243; top_padding=&#8221;0&#8243; bottom_padding=&#8221;0&#8243; back_color=&#8221;color-jevc&#8221; overlay_alpha=&#8221;50&#8243; gutter_size=&#8221;0&#8243; column_width_percent=&#8221;100&#8243; shift_y=&#8221;0&#8243; z_index=&#8221;0&#8243; shape_dividers=&#8221;&#8221;][vc_column column_width_percent=&#8221;100&#8243; align_horizontal=&#8221;align_center&#8221; gutter_size=&#8221;3&#8243; back_color=&#8221;color-jevc&#8221; overlay_alpha=&#8221;50&#8243; shift_x=&#8221;0&#8243; shift_y=&#8221;0&#8243; shift_y_down=&#8221;0&#8243; z_index=&#8221;0&#8243; medium_width=&#8221;0&#8243; mobile_width=&#8221;0&#8243; sticky=&#8221;yes&#8221; width=&#8221;1\/2&#8243; mobile_height=&#8221;340&#8243; css=&#8221;.vc_custom_1618470019702{padding-top: 0px !important;padding-right: 0px !important;padding-bottom: 0px !important;padding-left: 0px !important;}&#8221;][vc_single_image media=&#8221;88235&#8243; media_width_percent=&#8221;100&#8243;][\/vc_column][vc_column column_width_use_pixel=&#8221;yes&#8221; gutter_size=&#8221;3&#8243; override_padding=&#8221;yes&#8221; column_padding=&#8221;5&#8243; back_color=&#8221;color-186343&#8243; overlay_alpha=&#8221;50&#8243; shift_x=&#8221;0&#8243; shift_y=&#8221;0&#8243; shift_y_down=&#8221;0&#8243; z_index=&#8221;0&#8243; medium_width=&#8221;0&#8243; mobile_width=&#8221;0&#8243; width=&#8221;1\/2&#8243; column_width_pixel=&#8221;528&#8243;][vc_custom_heading heading_semantic=&#8221;h6&#8243; text_size=&#8221;fontsize-160000&#8243; text_transform=&#8221;uppercase&#8221; text_space=&#8221;fontspace-135905&#8243; text_color=&#8221;color-xsdn&#8221;]<\/p>\n<h1><span style=\"color: #ffffff\">Die GESCHICHTE DER FAMILIE<\/span><\/h1>\n<p>[\/vc_custom_heading][vc_column_text text_lead=&#8221;yes&#8221;]Die Familie ist in 1019 mit Foucauld, Herrn von La Roche erschienen, und als ein Zweig der Lusignan Familie in Anbetracht der \u00c4hnlichkeit ihres Wappens angesehen. In Wirklichkeit scheint, Foucauld, ein nahes Familienmitglied des Vizegrafen von Limoges zu sein, Nachfolger eines Grossen vom Hof von Charlemagne. Nur vier andere Familien in Frankreich (unter ihnen diese der Cap\u00e9tiens), k\u00f6nnen sich auf ein solches Alter berufen.  <\/p>\n<p>Die Ceschichte des Schlosses ist von der Geschichte der Familie La Rochefoucauld untrennbar, die sich selbst Jahrhundert nach Jahrhundert im politischen Leben seiner Zeit eintr\u00e4gt. Das Schloss gibt eine bemerkenswerte Illustration des Eingreifens der Politik und der Architektur durch das Leben einer Familie, die das Schloss ohne Unterbrechung besessen hat, seit Fucaldus die erste Befestigung gegen 980 gestellt hat. Mit der Geschichte der Familie findet die Benutzung der Architektur zu sozialen und politischen Zwecken, eine von ihren spektakul\u00e4rsten Demonstrationen.  <\/p>\n<p>Als der einzige \u00dcberrest des 11. Jahrhunderts stellt der Wachturm eine offensichtliche ostentative Seite vor. Es w\u00fcrde sich schon um eine Prestigekonstruktion handeln, die die Kraft von Foucauld angesichts des Grafen von Angoul\u00eame anschlagen soll. <\/p>\n<p>Im 14. Jahrhundert ist die Familie sehr nah am K\u00f6nig, und diese N\u00e4he mit der Macht \u00e4ussert sich in einer beeindruckenden Architektur : ein kleines Schloss, drei Winkelt\u00fcrme und warscheinlich vier Mittelt\u00fcrme.<\/p>\n<p>Im 15. Jahrhundert ist Jean de La Rochefoucauld \u00ab s\u00e9n\u00e9chal \u00bb von P\u00e9rigord und erh\u00e4lt den Schutz von Charles de Valois-Angoul\u00eame in 1467 als der wichtigste Vasall der Grafschaft. Bis in 1473 ist er der absolute Meister der Region. Diese politische Stelle verwirklicht durch eine Erh\u00f6hung der T\u00fcrme, die dem Geb\u00e4ude ein betr\u00e4chtliches Emporragen gibt. Der Wachturm ist ebenfalls erh\u00f6ht, um die Gesamtkeit zu beherrschen und so die Kraft des Baumeisters zu materialisieren.   <\/p>\n<p>Einer der H\u00f6hepunkte der Geschichte der Familie findet am 16. Jahrhundert statt. Der K\u00f6nig Fran\u00e7ois Ier, Patensohn von Fran\u00e7ois de La Rochefoucauld, wandelt die\u201cBaronschaft\u201c in Grafschaft in \u201eGrafschaft\u201cum. Ab 1519 baut Fran\u00e7ois der II. von La Rochefoucauld den pektakul\u00e4rsten Teil mit seiner Frau, Anne de Polignac: die \u00f6stliche und s\u00fcdliche Fl\u00fcgel. Die Herrlichkeit dieser Architektur und seines Dekors stellt das Schloss unter den grossen Verwirklichungen der franz\u00f6sischen Renaissance und zeugt dort noch von der aussergew\u00f6hnlichen Stelle, die Fran\u00e7ois der II. im K\u00f6nigshof h\u00e4lt.   <\/p>\n<p>Das letzte Bauen,d.h. der westliche Fl\u00fcgel, findet am 18. Jahrhundert nach einem Brand statt Es illustriert die Macht der Familie, und dies zum letzten Mal in der Geschichte des Schlosses.<\/p>\n<p>Die Familie macht sich Jahrhundert nach Jahrhundert ber\u00fchmt mit bemerkenswerten Pers\u00f6nlichkeiten : der Kardinal Fran\u00e7ois von La Rochefoucauld, grosser \u201ePriester\u201c aus Frankreich, sitzt an dem Rat des K\u00f6niges unter Louis, dem XIII. vor. Fran\u00e7ois der VI., der sich Richelieu entgegensetzt, dr\u00e4ngt sich an der Spitze der Prinzenfronde, bevor es einer der gr\u00f6ssten Schriftsteller seines Zeitalters wird, Autor in 1664 von den ber\u00fchmten Sinnspr\u00fcchen . La Rochefoucauld d\u2019Anville, Mitglied der Wissenschaftenakademie, Bewunder der amekanischen Verfassung und ein pers\u00f6nlicher Freund von Franklin, belebt den liberalen Strom der Noblesse bei den allgemeinen St\u00e4nden von 1789. Er stirbt massakriert in Gisors im September in 1792 in Gisors , einige Tage nach seinen Vettern von La Rochefoucauld-Bayers, Bish\u00f6fe, Abgeordnete des Klerus bei den allgemeinen St\u00e4nden, die in Carmes Gef\u00e4ngnis get\u00f6tet wurden und seliggesprochen. Schiesslich charakterisieren die aufgeschlossene H\u00e4ltung und die Philanthropie das Werk von Fran\u00e7ois-Alexandre von La Rochefoucauld-Liancourt, die ebenfalls Abgeordete von der Noblesse zu den allgemeinen St\u00e4nden wurde, und in den dunkelsten Stunden in die Vereinigten Staaten auswanderte : er gr\u00fcndete die Technische Hochschule,und ist auch der Mitbegr\u00fcnder der Sparkasse.    <\/p>\n<p>Heute tragen ungef\u00e4hr 200 Personen diesen Namen in Frankreich.[\/vc_column_text][\/vc_column][\/vc_row]<\/p>\n<\/div>","protected":false},"excerpt":{"rendered":"<p>[vc_row unlock_row_content=&#8221;yes&#8221; row_height_percent=&#8221;100&#8243; override_padding=&#8221;yes&#8221; h_padding=&#8221;0&#8243; top_padding=&#8221;0&#8243; bottom_padding=&#8221;0&#8243; back_color=&#8221;color-jevc&#8221; overlay_alpha=&#8221;50&#8243; gutter_size=&#8221;0&#8243; column_width_percent=&#8221;100&#8243; shift_y=&#8221;0&#8243; z_index=&#8221;0&#8243; shape_dividers=&#8221;&#8221;][vc_column column_width_percent=&#8221;100&#8243; align_horizontal=&#8221;align_center&#8221; gutter_size=&#8221;3&#8243; back_color=&#8221;color-jevc&#8221; overlay_alpha=&#8221;50&#8243; shift_x=&#8221;0&#8243; [&hellip;]<\/p>\n","protected":false},"author":1,"featured_media":0,"parent":0,"menu_order":0,"comment_status":"closed","ping_status":"closed","template":"","meta":{"footnotes":""},"class_list":["post-88770","page","type-page","status-publish","hentry"],"yoast_head":"<!-- This site is optimized with the Yoast SEO plugin v27.5 - https:\/\/yoast.com\/product\/yoast-seo-wordpress\/ -->\n<title>Die GESCHICHTE DER FAMILIE - Ch\u00e2teau de La Rochefoucauld<\/title>\n<meta name=\"robots\" content=\"index, follow, max-snippet:-1, max-image-preview:large, max-video-preview:-1\" \/>\n<link rel=\"canonical\" href=\"https:\/\/www.chateau-la-rochefoucauld.com\/de\/moebel-und-malereien\/\" \/>\n<meta property=\"og:locale\" content=\"de_DE\" \/>\n<meta property=\"og:type\" content=\"article\" \/>\n<meta property=\"og:title\" content=\"Die GESCHICHTE DER FAMILIE - Ch\u00e2teau de La Rochefoucauld\" \/>\n<meta property=\"og:description\" content=\"[vc_row unlock_row_content=&#8221;yes&#8221; row_height_percent=&#8221;100&#8243; override_padding=&#8221;yes&#8221; h_padding=&#8221;0&#8243; top_padding=&#8221;0&#8243; bottom_padding=&#8221;0&#8243; back_color=&#8221;color-jevc&#8221; overlay_alpha=&#8221;50&#8243; gutter_size=&#8221;0&#8243; column_width_percent=&#8221;100&#8243; shift_y=&#8221;0&#8243; z_index=&#8221;0&#8243; shape_dividers=&#8221;&#8221;][vc_column column_width_percent=&#8221;100&#8243; align_horizontal=&#8221;align_center&#8221; gutter_size=&#8221;3&#8243; back_color=&#8221;color-jevc&#8221; overlay_alpha=&#8221;50&#8243; shift_x=&#8221;0&#8243; [&hellip;]\" \/>\n<meta property=\"og:url\" content=\"https:\/\/www.chateau-la-rochefoucauld.com\/de\/moebel-und-malereien\/\" \/>\n<meta property=\"og:site_name\" content=\"Ch\u00e2teau de La Rochefoucauld\" \/>\n<meta property=\"article:publisher\" content=\"https:\/\/www.facebook.com\/ChateauDeLaRochefoucauld\" \/>\n<meta property=\"article:modified_time\" content=\"2021-04-19T15:20:43+00:00\" \/>\n<meta name=\"twitter:card\" content=\"summary_large_image\" \/>\n<meta name=\"twitter:label1\" content=\"Gesch\u00e4tzte Lesezeit\" \/>\n\t<meta name=\"twitter:data1\" content=\"4\u00a0Minuten\" \/>\n<script type=\"application\/ld+json\" class=\"yoast-schema-graph\">{\"@context\":\"https:\\\/\\\/schema.org\",\"@graph\":[{\"@type\":\"WebPage\",\"@id\":\"https:\\\/\\\/www.chateau-la-rochefoucauld.com\\\/de\\\/moebel-und-malereien\\\/\",\"url\":\"https:\\\/\\\/www.chateau-la-rochefoucauld.com\\\/de\\\/moebel-und-malereien\\\/\",\"name\":\"Die GESCHICHTE DER FAMILIE - Ch\u00e2teau de La Rochefoucauld\",\"isPartOf\":{\"@id\":\"https:\\\/\\\/www.chateau-la-rochefoucauld.com\\\/es\\\/#website\"},\"datePublished\":\"2021-04-19T14:41:05+00:00\",\"dateModified\":\"2021-04-19T15:20:43+00:00\",\"breadcrumb\":{\"@id\":\"https:\\\/\\\/www.chateau-la-rochefoucauld.com\\\/de\\\/moebel-und-malereien\\\/#breadcrumb\"},\"inLanguage\":\"de\",\"potentialAction\":[{\"@type\":\"ReadAction\",\"target\":[\"https:\\\/\\\/www.chateau-la-rochefoucauld.com\\\/de\\\/moebel-und-malereien\\\/\"]}]},{\"@type\":\"BreadcrumbList\",\"@id\":\"https:\\\/\\\/www.chateau-la-rochefoucauld.com\\\/de\\\/moebel-und-malereien\\\/#breadcrumb\",\"itemListElement\":[{\"@type\":\"ListItem\",\"position\":1,\"name\":\"Accueil\",\"item\":\"https:\\\/\\\/www.chateau-la-rochefoucauld.com\\\/\"},{\"@type\":\"ListItem\",\"position\":2,\"name\":\"Die GESCHICHTE DER FAMILIE\"}]},{\"@type\":\"WebSite\",\"@id\":\"https:\\\/\\\/www.chateau-la-rochefoucauld.com\\\/es\\\/#website\",\"url\":\"https:\\\/\\\/www.chateau-la-rochefoucauld.com\\\/es\\\/\",\"name\":\"Ch\u00e2teau de La Rochefoucauld\",\"description\":\"du 11\u00e8me si\u00e8cle \u00e0 nos jours\",\"publisher\":{\"@id\":\"https:\\\/\\\/www.chateau-la-rochefoucauld.com\\\/es\\\/#organization\"},\"potentialAction\":[{\"@type\":\"SearchAction\",\"target\":{\"@type\":\"EntryPoint\",\"urlTemplate\":\"https:\\\/\\\/www.chateau-la-rochefoucauld.com\\\/es\\\/?s={search_term_string}\"},\"query-input\":{\"@type\":\"PropertyValueSpecification\",\"valueRequired\":true,\"valueName\":\"search_term_string\"}}],\"inLanguage\":\"de\"},{\"@type\":\"Organization\",\"@id\":\"https:\\\/\\\/www.chateau-la-rochefoucauld.com\\\/es\\\/#organization\",\"name\":\"Ch\u00e2teau de La Rochefoucauld\",\"url\":\"https:\\\/\\\/www.chateau-la-rochefoucauld.com\\\/es\\\/\",\"logo\":{\"@type\":\"ImageObject\",\"inLanguage\":\"de\",\"@id\":\"https:\\\/\\\/www.chateau-la-rochefoucauld.com\\\/es\\\/#\\\/schema\\\/logo\\\/image\\\/\",\"url\":\"https:\\\/\\\/www.chateau-la-rochefoucauld.com\\\/wp-content\\\/uploads\\\/2021\\\/04\\\/blasonLaRochefoucauldPei.png\",\"contentUrl\":\"https:\\\/\\\/www.chateau-la-rochefoucauld.com\\\/wp-content\\\/uploads\\\/2021\\\/04\\\/blasonLaRochefoucauldPei.png\",\"width\":184,\"height\":200,\"caption\":\"Ch\u00e2teau de La Rochefoucauld\"},\"image\":{\"@id\":\"https:\\\/\\\/www.chateau-la-rochefoucauld.com\\\/es\\\/#\\\/schema\\\/logo\\\/image\\\/\"},\"sameAs\":[\"https:\\\/\\\/www.facebook.com\\\/ChateauDeLaRochefoucauld\",\"https:\\\/\\\/www.instagram.com\\\/chateau.la.rochefoucauld\\\/\"]}]}<\/script>\n<!-- \/ Yoast SEO plugin. -->","yoast_head_json":{"title":"Die GESCHICHTE DER FAMILIE - Ch\u00e2teau de La Rochefoucauld","robots":{"index":"index","follow":"follow","max-snippet":"max-snippet:-1","max-image-preview":"max-image-preview:large","max-video-preview":"max-video-preview:-1"},"canonical":"https:\/\/www.chateau-la-rochefoucauld.com\/de\/moebel-und-malereien\/","og_locale":"de_DE","og_type":"article","og_title":"Die GESCHICHTE DER FAMILIE - Ch\u00e2teau de La Rochefoucauld","og_description":"[vc_row unlock_row_content=&#8221;yes&#8221; row_height_percent=&#8221;100&#8243; override_padding=&#8221;yes&#8221; h_padding=&#8221;0&#8243; top_padding=&#8221;0&#8243; bottom_padding=&#8221;0&#8243; back_color=&#8221;color-jevc&#8221; overlay_alpha=&#8221;50&#8243; gutter_size=&#8221;0&#8243; column_width_percent=&#8221;100&#8243; shift_y=&#8221;0&#8243; z_index=&#8221;0&#8243; shape_dividers=&#8221;&#8221;][vc_column column_width_percent=&#8221;100&#8243; align_horizontal=&#8221;align_center&#8221; gutter_size=&#8221;3&#8243; back_color=&#8221;color-jevc&#8221; overlay_alpha=&#8221;50&#8243; shift_x=&#8221;0&#8243; [&hellip;]","og_url":"https:\/\/www.chateau-la-rochefoucauld.com\/de\/moebel-und-malereien\/","og_site_name":"Ch\u00e2teau de La Rochefoucauld","article_publisher":"https:\/\/www.facebook.com\/ChateauDeLaRochefoucauld","article_modified_time":"2021-04-19T15:20:43+00:00","twitter_card":"summary_large_image","twitter_misc":{"Gesch\u00e4tzte Lesezeit":"4\u00a0Minuten"},"schema":{"@context":"https:\/\/schema.org","@graph":[{"@type":"WebPage","@id":"https:\/\/www.chateau-la-rochefoucauld.com\/de\/moebel-und-malereien\/","url":"https:\/\/www.chateau-la-rochefoucauld.com\/de\/moebel-und-malereien\/","name":"Die GESCHICHTE DER FAMILIE - Ch\u00e2teau de La Rochefoucauld","isPartOf":{"@id":"https:\/\/www.chateau-la-rochefoucauld.com\/es\/#website"},"datePublished":"2021-04-19T14:41:05+00:00","dateModified":"2021-04-19T15:20:43+00:00","breadcrumb":{"@id":"https:\/\/www.chateau-la-rochefoucauld.com\/de\/moebel-und-malereien\/#breadcrumb"},"inLanguage":"de","potentialAction":[{"@type":"ReadAction","target":["https:\/\/www.chateau-la-rochefoucauld.com\/de\/moebel-und-malereien\/"]}]},{"@type":"BreadcrumbList","@id":"https:\/\/www.chateau-la-rochefoucauld.com\/de\/moebel-und-malereien\/#breadcrumb","itemListElement":[{"@type":"ListItem","position":1,"name":"Accueil","item":"https:\/\/www.chateau-la-rochefoucauld.com\/"},{"@type":"ListItem","position":2,"name":"Die GESCHICHTE DER FAMILIE"}]},{"@type":"WebSite","@id":"https:\/\/www.chateau-la-rochefoucauld.com\/es\/#website","url":"https:\/\/www.chateau-la-rochefoucauld.com\/es\/","name":"Ch\u00e2teau de La Rochefoucauld","description":"du 11\u00e8me si\u00e8cle \u00e0 nos jours","publisher":{"@id":"https:\/\/www.chateau-la-rochefoucauld.com\/es\/#organization"},"potentialAction":[{"@type":"SearchAction","target":{"@type":"EntryPoint","urlTemplate":"https:\/\/www.chateau-la-rochefoucauld.com\/es\/?s={search_term_string}"},"query-input":{"@type":"PropertyValueSpecification","valueRequired":true,"valueName":"search_term_string"}}],"inLanguage":"de"},{"@type":"Organization","@id":"https:\/\/www.chateau-la-rochefoucauld.com\/es\/#organization","name":"Ch\u00e2teau de La Rochefoucauld","url":"https:\/\/www.chateau-la-rochefoucauld.com\/es\/","logo":{"@type":"ImageObject","inLanguage":"de","@id":"https:\/\/www.chateau-la-rochefoucauld.com\/es\/#\/schema\/logo\/image\/","url":"https:\/\/www.chateau-la-rochefoucauld.com\/wp-content\/uploads\/2021\/04\/blasonLaRochefoucauldPei.png","contentUrl":"https:\/\/www.chateau-la-rochefoucauld.com\/wp-content\/uploads\/2021\/04\/blasonLaRochefoucauldPei.png","width":184,"height":200,"caption":"Ch\u00e2teau de La Rochefoucauld"},"image":{"@id":"https:\/\/www.chateau-la-rochefoucauld.com\/es\/#\/schema\/logo\/image\/"},"sameAs":["https:\/\/www.facebook.com\/ChateauDeLaRochefoucauld","https:\/\/www.instagram.com\/chateau.la.rochefoucauld\/"]}]}},"_links":{"self":[{"href":"https:\/\/www.chateau-la-rochefoucauld.com\/de\/wp-json\/wp\/v2\/pages\/88770","targetHints":{"allow":["GET"]}}],"collection":[{"href":"https:\/\/www.chateau-la-rochefoucauld.com\/de\/wp-json\/wp\/v2\/pages"}],"about":[{"href":"https:\/\/www.chateau-la-rochefoucauld.com\/de\/wp-json\/wp\/v2\/types\/page"}],"author":[{"embeddable":true,"href":"https:\/\/www.chateau-la-rochefoucauld.com\/de\/wp-json\/wp\/v2\/users\/1"}],"replies":[{"embeddable":true,"href":"https:\/\/www.chateau-la-rochefoucauld.com\/de\/wp-json\/wp\/v2\/comments?post=88770"}],"version-history":[{"count":16,"href":"https:\/\/www.chateau-la-rochefoucauld.com\/de\/wp-json\/wp\/v2\/pages\/88770\/revisions"}],"predecessor-version":[{"id":88946,"href":"https:\/\/www.chateau-la-rochefoucauld.com\/de\/wp-json\/wp\/v2\/pages\/88770\/revisions\/88946"}],"wp:attachment":[{"href":"https:\/\/www.chateau-la-rochefoucauld.com\/de\/wp-json\/wp\/v2\/media?parent=88770"}],"curies":[{"name":"wp","href":"https:\/\/api.w.org\/{rel}","templated":true}]}}